{"id":1594,"date":"2021-07-22T18:22:25","date_gmt":"2021-07-23T01:22:25","guid":{"rendered":"http:\/\/localhost.artandpractice\/?page_id=1594"},"modified":"2024-09-11T16:38:04","modified_gmt":"2024-09-11T23:38:04","slug":"foster-youth-programs","status":"publish","type":"page","link":"https:\/\/artandpractice.org\/es\/foster-youth-programs\/","title":{"rendered":"Programas para j\u00f3venes de crianza"},"content":{"rendered":"<section id=\"image-caption-block_9026a126487a25bd45845dc215d71a2c\" class=\"block-image-caption bottom-margin-small\">\n  <div class=\"grid-container\">\n    <div class=\"grid-x grid-margin-x\">\n      <div class=\"cell medium-offset-1 medium-10\">\n                          <p><img decoding=\"async\" src=\"https:\/\/artandpractice.org\/wp-content\/uploads\/2021\/09\/AP___MG_7818-scaled.jpg\" alt=\"\" \/><\/p>\n                      <\/div>\n    <\/div>\n  <\/div>\n<\/section>\n\n\n\n<section id=\"text-block_d72df44e04c536506db49ae37c13354b\" class=\"block-text bottom-margin-large\">\n  <div class=\"grid-container\">\n    <div class=\"grid-x grid-margin-x\">\n      <div class=\"cell medium-offset-1 medium-10\">\n        <h2>\u00bfPOR QU\u00c9 ES ESTO IMPORTANTE?<\/h2>\n<p>Cuando los fundadores de A + P decidieron construir una organizaci\u00f3n sin fines de lucro en el vecindario de Leimert Park, en el sur de Los \u00c1ngeles, se comprometieron a garantizar que la organizaci\u00f3n contribuyera al bien social de la comunidad. Al enterarse de que el condado de Los \u00c1ngeles tiene una de las concentraciones m\u00e1s altas de j\u00f3venes de crianza temporal en la naci\u00f3n; adem\u00e1s, que un porcentaje considerable de esos 18,000 - 20,000 j\u00f3venes viv\u00edan en c\u00f3digos postales cerca de Leimert Park, los fundadores de A + P determinaron que la organizaci\u00f3n sin fines de lucro prestar\u00eda su energ\u00eda y recursos para apoyar a los j\u00f3venes de crianza temporal en edad de transici\u00f3n (18-24 a\u00f1os).<\/p>\n<p>Dise\u00f1ado como una soluci\u00f3n temporal para un ni\u00f1o que experimenta peligro o negligencia en el hogar, el cuidado de crianza con demasiada frecuencia se convierte en una circunstancia a largo plazo cuando no es posible una reunificaci\u00f3n familiar segura. El sistema de cuidado de crianza que estaba destinado a brindar cuidados en un momento dif\u00edcil puede convertirse en s\u00ed mismo en una fuente de inestabilidad y trauma, especialmente cuando los j\u00f3venes de crianza se enfrentan a un \u201cenvejecimiento\u201d y asumen las responsabilidades de la edad adulta por su cuenta. Como todos nosotros, estos j\u00f3venes tienen esperanzas y sue\u00f1os, y necesitan recursos y orientaci\u00f3n sobre c\u00f3mo construir vidas sostenibles, estables y saludables.<\/p>\n      <\/div>\n    <\/div>\n  <\/div>\n<\/section>\n\n\n\n\n<section id=\"quote-image-block_6ef475b876c496d15444f1740e929ccc\" class=\"block-quote-image bottom-margin-large\">\n  <div class=\"grid-container\">\n    <div class=\"grid-x grid-margin-x align-middle\">\n      <div class=\"cell medium-offset-1 medium-5\">\n        <blockquote>\n          <p>A + P aspira a ser un espacio donde el aspecto social del arte, la pr\u00e1ctica del mismo, coloca el arte en un contexto de acci\u00f3n \u201d.<\/p>\n          <cite>\u2014Cofundador de A + P Mark Bradford<\/cite>\n        <\/blockquote>\n      <\/div>\n      <div class=\"cell medium-5\">\n                          <img decoding=\"async\" src=\"https:\/\/artandpractice.org\/wp-content\/uploads\/2024\/07\/110723_ArtandPractice_TinaKnowlesDiscussion_HallineOverby-78.jpg\" alt=\"\" \/>\n                        <div class=\"caption\">\n          <p>First Place for Youth participa en una mesa redonda con Tina Knowles Leimert Park, Los \u00c1ngeles. 8 de noviembre de 2023. Foto: Halline Overby.<\/p>\n        <\/div>\n              <\/div>\n    <\/div>\n  <\/div>\n<\/section>\n\n\n\n<section id=\"text-block_ae647292400ccd855accacb4f1036378\" class=\"block-text bottom-margin-small\">\n  <div class=\"grid-container\">\n    <div class=\"grid-x grid-margin-x\">\n      <div class=\"cell medium-offset-1 medium-10\">\n        <h2>\u00bfDE QU\u00c9 TRATA ESTO? \u00bfCOMO FUNCIONA?<\/h2>\n<p>Al ingresar al mundo del cuidado de crianza, A + P canaliz\u00f3 su atenci\u00f3n para encontrar una organizaci\u00f3n sin fines de lucro existente con un historial comprobado, redes establecidas y un personal capacitado y dedicado para desarrollar la programaci\u00f3n en el campus de A + P que educar\u00eda y apoyar\u00eda las necesidades. de los j\u00f3venes de crianza temporal en edad de transici\u00f3n que viven en el sur de Los \u00c1ngeles. En 2016, A + P inici\u00f3 una colaboraci\u00f3n con First Place for Youth. Fundado en Oakland en 1998 con una oficina regional en Los \u00c1ngeles desde 2010, el innovador programa My First Place \u2122 de First Place brinda a los j\u00f3venes de crianza temporal en edad de transici\u00f3n la base m\u00e1s b\u00e1sica de estabilidad, un lugar seguro para llamar hogar, a medida que desarrollan las habilidades para la independencia. viviendo. Los participantes reciben apoyo individualizado de un equipo dedicado a medida que identifican y buscan caminos educativos y profesionales que los llevan a la autosuficiencia y el \u00e9xito duraderos, lo que incluye completar la escuela secundaria, obtener un t\u00edtulo universitario o una certificaci\u00f3n profesional y obtener un empleo con salario digno. Con un colaborador dedicado y una visi\u00f3n de impacto en el campus de A + P en Leimert Park, A + P se propuso construir relaciones y encontrar formas \u00fanicas de contribuir.<\/p>\n      <\/div>\n    <\/div>\n  <\/div>\n<\/section>\n\n\n\n<section id=\"video-block_2ce259aca19fe4cba28ef0bc76153fa2\" class=\"block-video bottom-margin-large\">\n  <div class=\"grid-container\">\n    <div class=\"grid-x grid-margin-x\">\n      <div class=\"cell medium-offset-1 medium-10\">\n        <div class=\"video-container\">\n          <iframe loading=\"lazy\" width=\"560\" height=\"315\" src=\"https:\/\/www.youtube.com\/embed\/7vD0VXYOiNk?si=7O9yNANYkmbCAt7G\" title=\"Reproductor de video de YouTube\" frameborder=\"0\" allow=\"accelerometer; autoplay; clipboard-write; encrypted-media; gyroscope; picture-in-picture; web-share\" referrerpolicy=\"strict-origin-when-cross-origin\" allowfullscreen><\/iframe>        <\/div>\n      <\/div>\n    <\/div>\n  <\/div>\n<\/section>\n\n\n\n\n\n<section id=\"text-block_095f25586d2d22fbea4d2dc2ef622cbe\" class=\"block-text bottom-margin-small\">\n  <div class=\"grid-container\">\n    <div class=\"grid-x grid-margin-x\">\n      <div class=\"cell medium-offset-1 medium-10\">\n        <h2>\u00bfCU\u00c1L ES LA SOLUCI\u00d3N?<\/h2>\n<p>Al proporcionar un espacio de reuni\u00f3n f\u00edsico dentro de su campus de Leimert Park, A + P ha permitido a First Place echar ra\u00edces en el sur de Los \u00c1ngeles, fortaleciendo sus conexiones con los j\u00f3venes de crianza temporal en edad de transici\u00f3n en el \u00e1rea y permitiendo una relaci\u00f3n de trabajo \u00edntima entre los dos colaboradores.<\/p>\n<p>A+P tambi\u00e9n est\u00e1 ayudando directamente a profundizar el trabajo de First Place al crear oportunidades atractivas para j\u00f3venes de crianza en edad de transici\u00f3n, enriqueciendo los servicios y recursos disponibles para los adultos j\u00f3venes de First Place. Estos se manifiestan en m\u00faltiples programas:<\/p>\n      <\/div>\n    <\/div>\n  <\/div>\n<\/section>\n\n\n\n<section id=\"two-columns-quotes-images-block_54dee79d3353e275dec66dccc5098d1c\" class=\"block-two-columns-quotes-images bottom-margin-small\">\n  <div class=\"grid-container\">\n    <div class=\"grid-x grid-margin-x\">\n      <div class=\"cell medium-offset-1 medium-5 hide-for-small-only\">\n                  <div class=\"item\">\n                          <blockquote>\n                <p>Esperamos encontrar a los j\u00f3venes de crianza temporal en un punto de inflexi\u00f3n en sus vidas y brindarles oportunidades tangibles para transformar positivamente su futuro \u201d.<\/p>\n                <cite>\u2014Cofundador de A + P, Allan DiCastro<\/cite>\n              <\/blockquote>\n            \n                                      <img decoding=\"async\" src=\"https:\/\/artandpractice.org\/wp-content\/uploads\/2024\/01\/AP_Interview_Roundtable_Mario_060-18444.jpg\" alt=\"\" \/>\n                                    <div class=\"caption\">\n              <h3>Discusiones de mesa redonda<\/h3>\n<p>Exclusivamente para los j\u00f3venes de crianza temporal de First Place for Youth en edad de transici\u00f3n, estos eventos se crean para que los participantes se re\u00fanan y tengan conversaciones \u00edntimas con personas exitosas que provienen de antecedentes y experiencias similares.<\/p>\n            <\/div>\n                      <\/div>\n                  <div class=\"item\">\n            \n                                      <img decoding=\"async\" src=\"https:\/\/artandpractice.org\/wp-content\/uploads\/2024\/01\/IMG_6411-1-scaled-e1704395403937.jpg\" alt=\"\" \/>\n                                    <div class=\"caption\">\n              <h3>Tours de trabajo fuera del sitio<\/h3>\n<p>Los j\u00f3venes de crianza en edad de transici\u00f3n de First Place visitan negocios locales para ver detr\u00e1s de escena de sus operaciones. Los adultos j\u00f3venes se re\u00fanen con personal y red selectos. Los recorridos externos recientes incluyeron visitas a Apple Music Studios y SnapChat.<\/p>\n            <\/div>\n                      <\/div>\n              <\/div>\n      <div class=\"cell medium-5 hide-for-small-only\">\n                  <div class=\"item\">\n            \n                                      <img decoding=\"async\" src=\"https:\/\/artandpractice.org\/wp-content\/uploads\/2024\/01\/AP_Portraits_JamesJuarez_006-14602.jpg\" alt=\"\" \/>\n                                    <div class=\"caption\">\n              <h3>Becarios A + P<\/h3>\n<p>Un fondo de becas educativas $100,000 otorgado a j\u00f3venes de crianza temporal seleccionados del Primer Lugar en la b\u00fasqueda de su carrera o metas educativas. Los fondos se destinan a suministros, herramientas tecnol\u00f3gicas y cubren las tarifas de las certificaciones de grado.<\/p>\n            <\/div>\n                      <\/div>\n                  <div class=\"item\">\n            \n                                      <img decoding=\"async\" src=\"https:\/\/artandpractice.org\/wp-content\/uploads\/2024\/01\/IMG_3749.jpg\" alt=\"\" \/>\n                                    <div class=\"caption\">\n              <h3>Programa de aprendizaje por observaci\u00f3n laboral<\/h3>\n<p>Este es un programa remunerado de observaci\u00f3n laboral de tres semanas dise\u00f1ado para exponer a los j\u00f3venes de crianza en edad de transici\u00f3n de First Place a una amplia gama de exhibiciones y trabajo administrativo en A+P. Los pasantes reciben capacitaci\u00f3n en Adobe Creative Cloud Suite, investigan las exposiciones de arte contempor\u00e1neo que se exhiben en Leimert Park y trabajan con la Gu\u00eda de galer\u00eda de A+P para recibir a los visitantes. Los pasantes tambi\u00e9n visitan galer\u00edas y museos locales para ampliar su exposici\u00f3n al mundo del arte sin fines de lucro, reuni\u00e9ndose con profesionales capacitados para aprender sobre sus funciones educativas, comunicativas y curatoriales.<\/p>\n            <\/div>\n                      <\/div>\n              <\/div>\n      <div class=\"cell medium-5 show-for-small-only\">\n                  <div class=\"item\">\n                          <blockquote>\n                <p>Esperamos encontrar a los j\u00f3venes de crianza temporal en un punto de inflexi\u00f3n en sus vidas y brindarles oportunidades tangibles para transformar positivamente su futuro \u201d.<\/p>\n                <cite>\u2014Cofundador de A + P, Allan DiCastro<\/cite>\n              <\/blockquote>\n            \n                                      <img decoding=\"async\" src=\"https:\/\/artandpractice.org\/wp-content\/uploads\/2024\/01\/AP_Interview_Roundtable_Mario_060-18444.jpg\" alt=\"\" \/>\n                                    <div class=\"caption\">\n              <h3>Discusiones de mesa redonda<\/h3>\n<p>Exclusivamente para los j\u00f3venes de crianza temporal de First Place for Youth en edad de transici\u00f3n, estos eventos se crean para que los participantes se re\u00fanan y tengan conversaciones \u00edntimas con personas exitosas que provienen de antecedentes y experiencias similares.<\/p>\n            <\/div>\n                      <\/div>\n                  <div class=\"item\">\n            \n                                      <img decoding=\"async\" src=\"https:\/\/artandpractice.org\/wp-content\/uploads\/2024\/01\/AP_Portraits_JamesJuarez_006-14602.jpg\" alt=\"\" \/>\n                                    <div class=\"caption\">\n              <h3>Becarios A + P<\/h3>\n<p>Un fondo de becas educativas $100,000 otorgado a j\u00f3venes de crianza temporal seleccionados del Primer Lugar en la b\u00fasqueda de su carrera o metas educativas. Los fondos se destinan a suministros, herramientas tecnol\u00f3gicas y cubren las tarifas de las certificaciones de grado.<\/p>\n            <\/div>\n                      <\/div>\n                  <div class=\"item\">\n            \n                                      <img decoding=\"async\" src=\"https:\/\/artandpractice.org\/wp-content\/uploads\/2024\/01\/IMG_6411-1-scaled-e1704395403937.jpg\" alt=\"\" \/>\n                                    <div class=\"caption\">\n              <h3>Tours de trabajo fuera del sitio<\/h3>\n<p>Los j\u00f3venes de crianza en edad de transici\u00f3n de First Place visitan negocios locales para ver detr\u00e1s de escena de sus operaciones. Los adultos j\u00f3venes se re\u00fanen con personal y red selectos. Los recorridos externos recientes incluyeron visitas a Apple Music Studios y SnapChat.<\/p>\n            <\/div>\n                      <\/div>\n                  <div class=\"item\">\n            \n                                      <img decoding=\"async\" src=\"https:\/\/artandpractice.org\/wp-content\/uploads\/2024\/01\/IMG_3749.jpg\" alt=\"\" \/>\n                                    <div class=\"caption\">\n              <h3>Programa de aprendizaje por observaci\u00f3n laboral<\/h3>\n<p>Este es un programa remunerado de observaci\u00f3n laboral de tres semanas dise\u00f1ado para exponer a los j\u00f3venes de crianza en edad de transici\u00f3n de First Place a una amplia gama de exhibiciones y trabajo administrativo en A+P. Los pasantes reciben capacitaci\u00f3n en Adobe Creative Cloud Suite, investigan las exposiciones de arte contempor\u00e1neo que se exhiben en Leimert Park y trabajan con la Gu\u00eda de galer\u00eda de A+P para recibir a los visitantes. Los pasantes tambi\u00e9n visitan galer\u00edas y museos locales para ampliar su exposici\u00f3n al mundo del arte sin fines de lucro, reuni\u00e9ndose con profesionales capacitados para aprender sobre sus funciones educativas, comunicativas y curatoriales.<\/p>\n            <\/div>\n                      <\/div>\n              <\/div>\n    <\/div>\n  <\/div>\n<\/section>\n\n\n\n<section id=\"large-text-block_7d091036448bdb307b3ad9780e861f84\" class=\"block-large-text bottom-margin-large\">\n  <div class=\"grid-container\">\n    <div class=\"grid-x grid-margin-x\">\n      <div class=\"cell medium-offset-1 medium-10\">\n        <h2>\u00bfAsique, c\u00f3mo puedes ayudar?<\/h2>\n<p>\u00bfConoce a un joven de crianza temporal en edad de transici\u00f3n que est\u00e1 pensando en sus pr\u00f3ximos pasos y podr\u00eda beneficiarse de un apoyo y una gu\u00eda intensivos?<\/p>\n                                                      <p class=\"link\">\n              <a href=\"https:\/\/www.firstplaceforyouth.org\/youth-referral\/\" target=\"\" class=\"arrow-link\">Ay\u00fadelos a iniciar el proceso de admisi\u00f3n con el formulario de referencia en l\u00ednea de First Place <i class=\"fas fa-arrow-right arrow\"><\/i><\/a>\n            <\/p>\n                                                          <p class=\"link\">\n              <a href=\"https:\/\/www.firstplaceforyouth.org\/\" target=\"\" class=\"arrow-link\">Obtenga m\u00e1s informaci\u00f3n sobre los desaf\u00edos que enfrentan los j\u00f3venes de crianza temporal en transici\u00f3n a la independencia y c\u00f3mo First Place est\u00e1 cambiando las probabilidades. <i class=\"fas fa-arrow-right arrow\"><\/i><\/a>\n            <\/p>\n                                    <\/div>\n    <\/div>\n  <\/div>\n<\/section>\n\n\n\n\n<section id=\"faqs-block_d192678912701e7647c437cbce97a98c\" class=\"block-faqs\">\n                    <div class=\"grid-container\">\n        <div class=\"grid-x grid-margin-x align-justify grid-yellow2\">\n          <div class=\"cell medium-3\">\n            <h2>Preguntas frecuentes sobre j\u00f3venes de crianza<\/h2>\n          <\/div>\n          <div class=\"cell medium-8\">\n            <ul class=\"accordion\" data-accordion data-multi-expand=\"true\" data-allow-all-closed=\"true\">\n                                        <li class=\"accordion-item\" data-accordion-item>\n                <a href=\"#\" class=\"accordion-title\">\u00bfPuedo ser voluntario para el programa de j\u00f3venes de crianza temporal de A + P?<\/a>\n                <svg version=\"1.1\" class=\"minus\" xmlns=\"http:\/\/www.w3.org\/2000\/svg\" xmlns:xlink=\"http:\/\/www.w3.org\/1999\/xlink\" x=\"0px\" y=\"0px\" viewbox=\"0 0 33 6.31\" xml:space=\"preserve\">\n                  <path class=\"st0\" d=\"M33,6.31H0V0h33V6.31z\"\/>\n                <\/svg>\n                <svg version=\"1.1\" class=\"plus\" xmlns=\"http:\/\/www.w3.org\/2000\/svg\" xmlns:xlink=\"http:\/\/www.w3.org\/1999\/xlink\" x=\"0px\" y=\"0px\" viewbox=\"0 0 33 33\" style=\"enable-background:new 0 0 33 33;\" xml:space=\"preserve\">\n                  <path class=\"st0\" d=\"M33,19.66H19.66V33h-6.31V19.66H0v-6.31h13.34V0h6.31v13.34H33V19.66z\"\/>\n                <\/svg>\n                <div class=\"accordion-content\" data-tab-content>\n                  <p>Art + Practice no acepta actualmente ninguna solicitud para voluntarios dentro de nuestro programa de j\u00f3venes de crianza. Si est\u00e1 interesado en ser voluntario con j\u00f3venes de crianza temporal, visite CASA Los \u00c1ngeles para obtener m\u00e1s informaci\u00f3n sobre c\u00f3mo apoyar a los j\u00f3venes de crianza temporal en Los \u00c1ngeles.<\/p>\n                <\/div>\n              <\/li>\n                            <li class=\"accordion-item\" data-accordion-item>\n                <a href=\"#\" class=\"accordion-title\">\u00bfCu\u00e1ntos j\u00f3venes de crianza temporal en edad de transici\u00f3n apoyan actualmente A + P y First Place en el sur de Los \u00c1ngeles?<\/a>\n                <svg version=\"1.1\" class=\"minus\" xmlns=\"http:\/\/www.w3.org\/2000\/svg\" xmlns:xlink=\"http:\/\/www.w3.org\/1999\/xlink\" x=\"0px\" y=\"0px\" viewbox=\"0 0 33 6.31\" xml:space=\"preserve\">\n                  <path class=\"st0\" d=\"M33,6.31H0V0h33V6.31z\"\/>\n                <\/svg>\n                <svg version=\"1.1\" class=\"plus\" xmlns=\"http:\/\/www.w3.org\/2000\/svg\" xmlns:xlink=\"http:\/\/www.w3.org\/1999\/xlink\" x=\"0px\" y=\"0px\" viewbox=\"0 0 33 33\" style=\"enable-background:new 0 0 33 33;\" xml:space=\"preserve\">\n                  <path class=\"st0\" d=\"M33,19.66H19.66V33h-6.31V19.66H0v-6.31h13.34V0h6.31v13.34H33V19.66z\"\/>\n                <\/svg>\n                <div class=\"accordion-content\" data-tab-content>\n                  <p>Art + Practice y First Place for Youth apoyan a entre 85 y 100 j\u00f3venes en el sur de Los \u00c1ngeles en un momento determinado. Cada adulto joven recibe una vivienda segura y estable de First Place for Youth.<\/p>\n                <\/div>\n              <\/li>\n                            <li class=\"accordion-item\" data-accordion-item>\n                <a href=\"#\" class=\"accordion-title\">\u00bfC\u00f3mo aprenden los j\u00f3venes de crianza temporal en edad de transici\u00f3n sobre First Place for Youth?<\/a>\n                <svg version=\"1.1\" class=\"minus\" xmlns=\"http:\/\/www.w3.org\/2000\/svg\" xmlns:xlink=\"http:\/\/www.w3.org\/1999\/xlink\" x=\"0px\" y=\"0px\" viewbox=\"0 0 33 6.31\" xml:space=\"preserve\">\n                  <path class=\"st0\" d=\"M33,6.31H0V0h33V6.31z\"\/>\n                <\/svg>\n                <svg version=\"1.1\" class=\"plus\" xmlns=\"http:\/\/www.w3.org\/2000\/svg\" xmlns:xlink=\"http:\/\/www.w3.org\/1999\/xlink\" x=\"0px\" y=\"0px\" viewbox=\"0 0 33 33\" style=\"enable-background:new 0 0 33 33;\" xml:space=\"preserve\">\n                  <path class=\"st0\" d=\"M33,19.66H19.66V33h-6.31V19.66H0v-6.31h13.34V0h6.31v13.34H33V19.66z\"\/>\n                <\/svg>\n                <div class=\"accordion-content\" data-tab-content>\n                  <p>Los j\u00f3venes de crianza temporal en edad de transici\u00f3n generalmente escuchan sobre First Place for Youth a trav\u00e9s de su trabajador social, una de las organizaciones asociadas de First Place, o el boca a boca a trav\u00e9s de sus amigos y otras conexiones personales.<\/p>\n<p>Si bien los posibles participantes a menudo son referidos por refugios para j\u00f3venes, trabajadores sociales, hogares grupales, familias de acogida o escuelas, First Place for Youth no requiere derivaciones formales. Las llamadas telef\u00f3nicas y las visitas sin cita son siempre bienvenidas.<\/p>\n                <\/div>\n              <\/li>\n                          <\/ul>\n          <\/div>\n        <\/div>\n      <\/div>\n          <\/section>\n\n\n\n<p><\/p>","protected":false},"excerpt":{"rendered":"","protected":false},"author":1,"featured_media":0,"parent":0,"menu_order":0,"comment_status":"closed","ping_status":"closed","template":"","meta":{"_acf_changed":false,"footnotes":""},"class_list":["post-1594","page","type-page","status-publish","hentry"],"acf":[],"_links":{"self":[{"href":"https:\/\/artandpractice.org\/es\/wp-json\/wp\/v2\/pages\/1594","targetHints":{"allow":["GET"]}}],"collection":[{"href":"https:\/\/artandpractice.org\/es\/wp-json\/wp\/v2\/pages"}],"about":[{"href":"https:\/\/artandpractice.org\/es\/wp-json\/wp\/v2\/types\/page"}],"author":[{"embeddable":true,"href":"https:\/\/artandpractice.org\/es\/wp-json\/wp\/v2\/users\/1"}],"replies":[{"embeddable":true,"href":"https:\/\/artandpractice.org\/es\/wp-json\/wp\/v2\/comments?post=1594"}],"version-history":[{"count":84,"href":"https:\/\/artandpractice.org\/es\/wp-json\/wp\/v2\/pages\/1594\/revisions"}],"predecessor-version":[{"id":3201,"href":"https:\/\/artandpractice.org\/es\/wp-json\/wp\/v2\/pages\/1594\/revisions\/3201"}],"wp:attachment":[{"href":"https:\/\/artandpractice.org\/es\/wp-json\/wp\/v2\/media?parent=1594"}],"curies":[{"name":"wp","href":"https:\/\/api.w.org\/{rel}","templated":true}]}}